{"id":1270,"date":"2018-09-21T16:02:26","date_gmt":"2018-09-21T20:02:26","guid":{"rendered":"http:\/\/www.cfn-nce.ca\/frailty-matters\/frailty-in-canada\/"},"modified":"2020-03-25T13:37:31","modified_gmt":"2020-03-25T17:37:31","slug":"frailty-in-canada","status":"publish","type":"page","link":"https:\/\/www.cfn-nce.ca\/fr\/quest-ce-que-la-fragilite\/frailty-in-canada\/","title":{"rendered":"Ce que fait le R\u00e9seau pour lutter contre la fragilisation"},"content":{"rendered":"<p><strong>LE TEMPS D\u2019AGIR<\/strong><\/p>\n<p>Le R\u00e9seau canadien des soins aux personnes fragilis\u00e9es croit que la pr\u00e9valence de la fragilisation au Canada impose un virage dans le syst\u00e8me de sant\u00e9, qui doit cesser de mettre l\u2019accent sur une affection \u00e0 la fois. Il nous faut faire un d\u00e9pistage chez toutes les personnes \u00e2g\u00e9es qui correspondent \u00e0 certains seuils (\u00e2ge ou d\u00e9mographie) d\u00e8s qu\u2019elles int\u00e8grent le syst\u00e8me de sant\u00e9.<\/p>\n<p>Des outils pour \u00e9valuer la fragilit\u00e9 sont ais\u00e9ment accessibles et devraient \u00eatre incorpor\u00e9s aux soins de sant\u00e9 courants. Qui plus est, les outils couramment utilis\u00e9s pour mesurer la fragilisation permettent \u00e9galement de d\u00e9terminer quels traitements sont indiqu\u00e9s, aidant ainsi les professionnels de la sant\u00e9 \u00e0 personnaliser les interventions \u00e0 l\u2019intention des personnes \u00e2g\u00e9es pr\u00e9sentant un risque plus \u00e9lev\u00e9 de perte fonctionnelle acc\u00e9l\u00e9r\u00e9e, d\u2019hospitalisation, d\u2019institutionnalisation, de chute, de d\u00e9lire ou de d\u00e9c\u00e8s, \u00e0 pr\u00e9venir ou ralentir consid\u00e9rablement la d\u00e9t\u00e9rioration de la sant\u00e9, et \u00e0 \u00e9viter les interventions inutiles ou ind\u00e9sirables dans le but d\u2019am\u00e9liorer les soins en fin de vie. Cette fa\u00e7on de faire contribue \u00e0 l\u2019atteinte de l\u2019objectif des personnes \u00e2g\u00e9es, soit continuer de vivre chez elles, dans leur collectivit\u00e9, et rester le plus fonctionnelles possible, le plus longtemps possible. Reconna\u00eetre la fa\u00e7on dont la fragilisation influe sur l\u2019esp\u00e9rance de vie permet de mieux int\u00e9grer les objectifs de soins dans les options de traitements.<\/p>\n<p>Chaque contexte de soins du r\u00e9seau de la sant\u00e9 n\u00e9cessitera ses propres strat\u00e9gies et outils d\u2019\u00e9valuation de la fragilisation, puisque les outils \u00e0 utiliser en soins primaires, p.\u00a0ex., diff\u00e8rent souvent de ceux qui conviennent mieux aux soins de longue dur\u00e9e, aux soins de courte dur\u00e9e ou aux soins intensifs. D\u2019autre part, il faudra se pencher sur les implications soci\u00e9tales, \u00e9thiques et juridiques du d\u00e9pistage de la fragilisation. \u00c9tant donn\u00e9 l\u2019ampleur des d\u00e9fis que repr\u00e9sente la fragilisation pour le syst\u00e8me de sant\u00e9 tel qu\u2019il fonctionne pr\u00e9sentement, un virage s\u2019impose dans les politiques de sant\u00e9 et les efforts de planification\u00a0: il nous faut int\u00e9grer le d\u00e9pistage de la fragilisation dans tous les contextes de soins, offrir de nouvelles formations et d\u00e9finir de nouvelles qualifications pour les aidants et les professionnels de la sant\u00e9, et adapter les mod\u00e8les de financement.<\/p>\n<p>L\u2019adoption d\u2019outils de d\u00e9pistage fond\u00e9s sur des donn\u00e9es probantes et ax\u00e9s sur la r\u00e9adaptation et le soutien social favorisera le changement dans la pratique des prestataires de soins de sant\u00e9, et donnera lieu \u00e0 l\u2019am\u00e9lioration du syst\u00e8me dans son ensemble ainsi qu\u2019\u00e0 des mod\u00e8les de financement des soins plus viables.<\/p>\n<p>&nbsp;<\/p>\n<p>&nbsp;<\/p>\n","protected":false},"excerpt":{"rendered":"<p>LE TEMPS D\u2019AGIR Le R\u00e9seau canadien des soins aux personnes fragilis\u00e9es croit que la pr\u00e9valence de la fragilisation au Canada impose un virage dans le syst\u00e8me de sant\u00e9, qui doit cesser de mettre l\u2019accent sur une affection \u00e0 la fois. Il nous faut faire un d\u00e9pistage chez toutes les personnes \u00e2g\u00e9es qui correspondent \u00e0 certains&#8230;<\/p>\n","protected":false},"author":1,"featured_media":0,"parent":3377,"menu_order":34,"comment_status":"closed","ping_status":"open","template":"","meta":{"_acf_changed":false,"footnotes":""},"acf":[],"_links":{"self":[{"href":"https:\/\/www.cfn-nce.ca\/fr\/wp-json\/wp\/v2\/pages\/1270"}],"collection":[{"href":"https:\/\/www.cfn-nce.ca\/fr\/wp-json\/wp\/v2\/pages"}],"about":[{"href":"https:\/\/www.cfn-nce.ca\/fr\/wp-json\/wp\/v2\/types\/page"}],"author":[{"embeddable":true,"href":"https:\/\/www.cfn-nce.ca\/fr\/wp-json\/wp\/v2\/users\/1"}],"replies":[{"embeddable":true,"href":"https:\/\/www.cfn-nce.ca\/fr\/wp-json\/wp\/v2\/comments?post=1270"}],"version-history":[{"count":3,"href":"https:\/\/www.cfn-nce.ca\/fr\/wp-json\/wp\/v2\/pages\/1270\/revisions"}],"predecessor-version":[{"id":11742,"href":"https:\/\/www.cfn-nce.ca\/fr\/wp-json\/wp\/v2\/pages\/1270\/revisions\/11742"}],"up":[{"embeddable":true,"href":"https:\/\/www.cfn-nce.ca\/fr\/wp-json\/wp\/v2\/pages\/3377"}],"wp:attachment":[{"href":"https:\/\/www.cfn-nce.ca\/fr\/wp-json\/wp\/v2\/media?parent=1270"}],"curies":[{"name":"wp","href":"https:\/\/api.w.org\/{rel}","templated":true}]}}