{"id":1271,"date":"2018-09-21T16:02:26","date_gmt":"2018-09-21T20:02:26","guid":{"rendered":"http:\/\/www.cfn-nce.ca\/frailty-matters\/"},"modified":"2024-01-11T16:57:52","modified_gmt":"2024-01-11T21:57:52","slug":"frailty-matters","status":"publish","type":"page","link":"https:\/\/www.cfn-nce.ca\/fr\/quest-ce-que-la-fragilite\/frailty-matters\/","title":{"rendered":"Qu\u2019est-ce que la fragilisation?"},"content":{"rendered":"<div class=\"wpb-content-wrapper\"><p>[vc_row][vc_column][vc_empty_space][vc_column_text]<\/p>\n<h3><strong>La fragilisation est l\u2019\u00e9tat m\u00e9dical d\u2019une personne dont la sant\u00e9 et les fonctions sont diminu\u00e9es. <\/strong><\/h3>\n<p>La vieillesse n\u2019entra\u00eene pas n\u00e9cessairement la fragilisation, mais elle augmente le risque de d\u00e9velopper des probl\u00e8mes de sant\u00e9, et de fragiliser les personnes \u00e2g\u00e9es. Des facteurs tels la <strong>s\u00e9dentarit\u00e9, une mauvaise alimentation, l\u2019isolement social ou la solitude et la prise de m\u00e9dicaments multiples<\/strong> contribuent \u00e0 la fragilisation. Lorsqu\u2019une personne est <strong>fragilis\u00e9e<\/strong>, son corps <strong>n\u2019a plus la capacit\u00e9 de lutter contre des maladies mineures<\/strong> qui n\u2019auraient qu\u2019une incidence minimale sur son bien-\u00eatre si elle \u00e9tait en sant\u00e9. La fragilisation fait en sorte que les <strong>facteurs de stress mineurs peuvent entra\u00eener la d\u00e9t\u00e9rioration grave et rapide de l\u2019\u00e9tat de sant\u00e9<\/strong>.<\/p>\n<p>Les personnes \u00e2g\u00e9es aux prises avec la fragilisation\u00a0:<\/p>\n<ul>\n<li>sont <strong>plus susceptibles<\/strong> de voir leur sant\u00e9 <strong>consid\u00e9rablement d\u00e9cliner<\/strong> en raison d\u2019une <strong>maladie mineure<\/strong> comme la grippe, ou d\u2019un incident comme une chute.<\/li>\n<li>sont plus \u00e0 risque <strong>d\u2019\u00eatre hospitalis\u00e9es, de n\u00e9cessiter des soins de longue dur\u00e9e ou de mourir<\/strong>.<\/li>\n<\/ul>\n<p>S\u2019il est vrai que le risque de fragilisation augmente avec l\u2019\u00e2ge, la vieillesse et la fragilisation sont <strong>deux choses diff\u00e9rentes<\/strong>. Les personnes fragilis\u00e9es courent un risque plus \u00e9lev\u00e9 de d\u00e9t\u00e9rioration de la sant\u00e9 ou de mort par rapport aux gens \u00e2g\u00e9s qui ne sont pas fragilis\u00e9s.<\/p>\n<p>Les personnes \u00e2g\u00e9es et fragilis\u00e9es ainsi que leurs proches et aidants ont besoin d\u2019une <strong>approche holistique<\/strong> qui traite \u00e0 la fois la personne enti\u00e8re et ses probl\u00e8mes de sant\u00e9 d\u2019une <strong>fa\u00e7on coordonn\u00e9e et bienveillante<\/strong>.[\/vc_column_text][vc_empty_space][\/vc_column][\/vc_row][vc_row][vc_column][vc_column_text]<\/p>\n<h3><strong>Les caract\u00e9ristiques de la fragilisation<\/strong><\/h3>\n<p>Les personnes fragilis\u00e9es pr\u00e9sentent habituellement trois (ou plus) de cinq sympt\u00f4mes concomitants, soit une <strong>perte de poids non intentionnelle<\/strong> (de 4,5\u00a0kg, ou\u00a010\u00a0lb, ou plus en un an), une <strong>perte musculaire accompagn\u00e9e de<\/strong> <strong>faiblesse<\/strong>, un sentiment de <strong>fatigue<\/strong>, une <strong>vitesse de marche plus lente<\/strong> et une <strong>diminution de l\u2019activit\u00e9 physique<\/strong>.<\/p>\n<h3><\/h3>\n<p>[\/vc_column_text][vc_empty_space][\/vc_column][\/vc_row][vc_row][vc_column width=\u00a0\u00bb1\/5&Prime;][vc_single_image image=\u00a0\u00bb16819&Prime; img_size=\u00a0\u00bbfull\u00a0\u00bb][vc_empty_space][\/vc_column][vc_column width=\u00a0\u00bb1\/5&Prime;][vc_single_image image=\u00a0\u00bb16835&Prime; img_size=\u00a0\u00bbfull\u00a0\u00bb][vc_empty_space][\/vc_column][vc_column width=\u00a0\u00bb1\/5&Prime;][vc_single_image image=\u00a0\u00bb16831&Prime; img_size=\u00a0\u00bbfull\u00a0\u00bb][vc_empty_space][\/vc_column][vc_column width=\u00a0\u00bb1\/5&Prime;][vc_single_image image=\u00a0\u00bb16823&Prime; img_size=\u00a0\u00bbfull\u00a0\u00bb][vc_empty_space][\/vc_column][vc_column width=\u00a0\u00bb1\/5&Prime;][vc_single_image image=\u00a0\u00bb16827&Prime; img_size=\u00a0\u00bbfull\u00a0\u00bb][vc_empty_space][\/vc_column][\/vc_row][vc_row][vc_column][vc_empty_space][vc_empty_space][vc_column_text]<\/p>\n<h3>La fragilisation n\u2019est PAS une partie in\u00e9vitable du vieillissement!<\/h3>\n<p>D\u00e9couvrez les mesures qui permettent d\u2019\u00c9VITER la fragilisation.<\/p>\n<p><a class=\"btn-info\" href=\"https:\/\/www.cfn-nce.ca\/fr\/quest-ce-que-la-fragilite\/preventing-and-treating-frailty\/\">\u00c9VITER la fragilisation\u00a0\u2013 gardez le contr\u00f4le<\/a>[\/vc_column_text][vc_column_text]Bien que la fragilisation ne soit pas une partie in\u00e9vitable du vieillissement, plus de 1,5 million de Canadiens sont pr\u00e9sentement aux prises avec la fragilisation, et ce chiffre devrait atteindre les 2\u00a0millions au cours des dix prochaines ann\u00e9es, touchant 3,75\u00a0millions d\u2019aidants naturels au Canada. Cliquez sur les liens suivants pour obtenir de l\u2019information et des ressources sur la fragilisation et la fa\u00e7on de prendre soin d\u2019une personne fragilis\u00e9e.[\/vc_column_text][\/vc_column][\/vc_row][vc_row][vc_column][\/vc_column][\/vc_row]<\/p>\n<\/div>","protected":false},"excerpt":{"rendered":"<p>[vc_row][vc_column][vc_empty_space][vc_column_text] La fragilisation est l\u2019\u00e9tat m\u00e9dical d\u2019une personne dont la sant\u00e9 et les fonctions sont diminu\u00e9es. La vieillesse n\u2019entra\u00eene pas n\u00e9cessairement la fragilisation, mais elle augmente le risque de d\u00e9velopper des probl\u00e8mes de sant\u00e9, et de fragiliser les personnes \u00e2g\u00e9es. Des facteurs tels la s\u00e9dentarit\u00e9, une mauvaise alimentation, l\u2019isolement social ou la solitude et la&#8230;<\/p>\n","protected":false},"author":1,"featured_media":0,"parent":3377,"menu_order":3,"comment_status":"closed","ping_status":"closed","template":"","meta":{"_acf_changed":false,"footnotes":""},"acf":[],"_links":{"self":[{"href":"https:\/\/www.cfn-nce.ca\/fr\/wp-json\/wp\/v2\/pages\/1271"}],"collection":[{"href":"https:\/\/www.cfn-nce.ca\/fr\/wp-json\/wp\/v2\/pages"}],"about":[{"href":"https:\/\/www.cfn-nce.ca\/fr\/wp-json\/wp\/v2\/types\/page"}],"author":[{"embeddable":true,"href":"https:\/\/www.cfn-nce.ca\/fr\/wp-json\/wp\/v2\/users\/1"}],"replies":[{"embeddable":true,"href":"https:\/\/www.cfn-nce.ca\/fr\/wp-json\/wp\/v2\/comments?post=1271"}],"version-history":[{"count":7,"href":"https:\/\/www.cfn-nce.ca\/fr\/wp-json\/wp\/v2\/pages\/1271\/revisions"}],"predecessor-version":[{"id":16839,"href":"https:\/\/www.cfn-nce.ca\/fr\/wp-json\/wp\/v2\/pages\/1271\/revisions\/16839"}],"up":[{"embeddable":true,"href":"https:\/\/www.cfn-nce.ca\/fr\/wp-json\/wp\/v2\/pages\/3377"}],"wp:attachment":[{"href":"https:\/\/www.cfn-nce.ca\/fr\/wp-json\/wp\/v2\/media?parent=1271"}],"curies":[{"name":"wp","href":"https:\/\/api.w.org\/{rel}","templated":true}]}}